{"id":9840,"date":"2025-05-28T14:46:53","date_gmt":"2025-05-28T14:46:53","guid":{"rendered":"https:\/\/www.concept4talents.com\/artist\/elegance-duet\/"},"modified":"2026-04-22T12:11:44","modified_gmt":"2026-04-22T12:11:44","slug":"duo-de-violino-e-violoncelo","status":"publish","type":"artist","link":"https:\/\/www.concept4talents.com\/en\/artist\/duo-de-violino-e-violoncelo\/","title":{"rendered":"Elegance Duet"},"content":{"rendered":"<p>Duo de violino e violoncelo- Elegance Duet trar\u00e1 a sonoridade e eleg\u00e2ncia ao seu evento. O report\u00f3rio vai desde os cl\u00e1ssicos at\u00e9 \u00e0 m\u00fasica mais atual. Atua\u00e7\u00e3o ideal para cocktails e jantares.<\/p>\n<p><a href=\"https:\/\/www.youtube.com\/watch?v=ESFVAvXR3yk&amp;t=3s\">https:\/\/www.youtube.com\/watch?v=ESFVAvXR3yk&amp;t=3s<\/a><\/p>\n<p><a href=\"https:\/\/www.concept4talents.com\/en\/artist\/elegance-duet\/\">https:\/\/www.concept4talents.com\/artist\/elegance-duet\/<\/a><\/p>\n<p><img fetchpriority=\"high\" decoding=\"async\" class=\"alignnone size-medium wp-image-11254\" src=\"https:\/\/www.concept4talents.com\/wp-content\/uploads\/2025\/05\/WhatsApp-Image-2025-06-04-at-16.14.55-300x223.jpeg\" alt=\"Duo de violino e violoncelo\" width=\"300\" height=\"223\" srcset=\"https:\/\/www.concept4talents.com\/wp-content\/uploads\/2025\/05\/WhatsApp-Image-2025-06-04-at-16.14.55-300x223.jpeg 300w, https:\/\/www.concept4talents.com\/wp-content\/uploads\/2025\/05\/WhatsApp-Image-2025-06-04-at-16.14.55-768x572.jpeg 768w, https:\/\/www.concept4talents.com\/wp-content\/uploads\/2025\/05\/WhatsApp-Image-2025-06-04-at-16.14.55-16x12.jpeg 16w, https:\/\/www.concept4talents.com\/wp-content\/uploads\/2025\/05\/WhatsApp-Image-2025-06-04-at-16.14.55.jpeg 1003w\" sizes=\"(max-width: 300px) 100vw, 300px\" \/><\/p>","protected":false},"excerpt":{"rendered":"<p>Duo de violino e violoncelo- Elegance Duet trar\u00e1 a sonoridade e eleg\u00e2ncia ao seu evento. O report\u00f3rio vai desde os cl\u00e1ssicos at\u00e9 \u00e0 m\u00fasica mais atual. Atua\u00e7\u00e3o ideal para cocktails e jantares. https:\/\/www.youtube.com\/watch?v=ESFVAvXR3yk&amp;t=3s https:\/\/www.concept4talents.com\/artist\/elegance-duet\/<\/p>","protected":false},"author":3,"featured_media":0,"menu_order":0,"comment_status":"closed","ping_status":"closed","template":"","format":"standard","meta":{"site-sidebar-layout":"default","site-content-layout":"","ast-site-content-layout":"default","site-content-style":"default","site-sidebar-style":"default","ast-global-header-display":"","ast-banner-title-visibility":"","ast-main-header-display":"","ast-hfb-above-header-display":"","ast-hfb-below-header-display":"","ast-hfb-mobile-header-display":"","site-post-title":"","ast-breadcrumbs-content":"","ast-featured-img":"","footer-sml-layout":"","theme-transparent-header-meta":"default","adv-header-id-meta":"","stick-header-meta":"","header-above-stick-meta":"","header-main-stick-meta":"","header-below-stick-meta":"","astra-migrate-meta-layouts":"set","ast-page-background-enabled":"default","ast-page-background-meta":{"desktop":{"background-color":"var(--ast-global-color-5)","background-image":"","background-repeat":"repeat","background-position":"center center","background-size":"auto","background-attachment":"scroll","background-type":"","background-media":"","overlay-type":"","overlay-color":"","overlay-opacity":"","overlay-gradient":""},"tablet":{"background-color":"","background-image":"","background-repeat":"repeat","background-position":"center center","background-size":"auto","background-attachment":"scroll","background-type":"","background-media":"","overlay-type":"","overlay-color":"","overlay-opacity":"","overlay-gradient":""},"mobile":{"background-color":"","background-image":"","background-repeat":"repeat","background-position":"center center","background-size":"auto","background-attachment":"scroll","background-type":"","background-media":"","overlay-type":"","overlay-color":"","overlay-opacity":"","overlay-gradient":""}},"ast-content-background-meta":{"desktop":{"background-color":"var(--ast-global-color-4)","background-image":"","background-repeat":"repeat","background-position":"center center","background-size":"auto","background-attachment":"scroll","background-type":"","background-media":"","overlay-type":"","overlay-color":"","overlay-opacity":"","overlay-gradient":""},"tablet":{"background-color":"var(--ast-global-color-4)","background-image":"","background-repeat":"repeat","background-position":"center center","background-size":"auto","background-attachment":"scroll","background-type":"","background-media":"","overlay-type":"","overlay-color":"","overlay-opacity":"","overlay-gradient":""},"mobile":{"background-color":"var(--ast-global-color-4)","background-image":"","background-repeat":"repeat","background-position":"center center","background-size":"auto","background-attachment":"scroll","background-type":"","background-media":"","overlay-type":"","overlay-color":"","overlay-opacity":"","overlay-gradient":""}},"footnotes":""},"artist-category":[89],"class_list":["post-9840","artist","type-artist","status-publish","format-standard","hentry","artist-category-cordas"],"acf":[],"yoast_head":"<!-- This site is optimized with the Yoast SEO plugin v25.8 - https:\/\/yoast.com\/wordpress\/plugins\/seo\/ -->\n<title>Duo de violino e violoncelo - Concept4talents - Organiza\u00e7\u00e3o de Eventos<\/title>\n<meta name=\"description\" content=\"Duo de violino e violoncelo- Elegance Duet trar\u00e1 a eleg\u00e2ncia ao seu evento. O report\u00f3rio vai desde os cl\u00e1ssicos at\u00e9 \u00e0 m\u00fasica mais atual.\" \/>\n<meta name=\"robots\" content=\"index, follow, max-snippet:-1, max-image-preview:large, max-video-preview:-1\" \/>\n<link rel=\"canonical\" href=\"https:\/\/www.concept4talents.com\/en\/artist\/duo-de-violino-e-violoncelo\/\" \/>\n<meta property=\"og:locale\" content=\"en_US\" \/>\n<meta property=\"og:type\" content=\"article\" \/>\n<meta property=\"og:title\" content=\"Duo de violino e violoncelo - Concept4talents - Organiza\u00e7\u00e3o de Eventos\" \/>\n<meta property=\"og:description\" content=\"Duo de violino e violoncelo- Elegance Duet trar\u00e1 a eleg\u00e2ncia ao seu evento. O report\u00f3rio vai desde os cl\u00e1ssicos at\u00e9 \u00e0 m\u00fasica mais atual.\" \/>\n<meta property=\"og:url\" content=\"https:\/\/www.concept4talents.com\/en\/artist\/duo-de-violino-e-violoncelo\/\" \/>\n<meta property=\"og:site_name\" content=\"Concept4talents - Organiza\u00e7\u00e3o de Eventos\" \/>\n<meta property=\"article:modified_time\" content=\"2026-04-22T12:11:44+00:00\" \/>\n<meta property=\"og:image\" content=\"https:\/\/www.concept4talents.com\/wp-content\/uploads\/2025\/05\/WhatsApp-Image-2025-06-04-at-16.14.55.jpeg\" \/>\n\t<meta property=\"og:image:width\" content=\"1003\" \/>\n\t<meta property=\"og:image:height\" content=\"747\" \/>\n\t<meta property=\"og:image:type\" content=\"image\/jpeg\" \/>\n<meta name=\"twitter:card\" content=\"summary_large_image\" \/>\n<meta name=\"twitter:label1\" content=\"Est. reading time\" \/>\n\t<meta name=\"twitter:data1\" content=\"1 minute\" \/>\n<script type=\"application\/ld+json\" class=\"yoast-schema-graph\">{\"@context\":\"https:\/\/schema.org\",\"@graph\":[{\"@type\":\"WebPage\",\"@id\":\"https:\/\/www.concept4talents.com\/artist\/duo-de-violino-e-violoncelo\/\",\"url\":\"https:\/\/www.concept4talents.com\/artist\/duo-de-violino-e-violoncelo\/\",\"name\":\"Duo de violino e violoncelo - Concept4talents - Organiza\u00e7\u00e3o de Eventos\",\"isPartOf\":{\"@id\":\"https:\/\/www.concept4talents.com\/en\/#website\"},\"primaryImageOfPage\":{\"@id\":\"https:\/\/www.concept4talents.com\/artist\/duo-de-violino-e-violoncelo\/#primaryimage\"},\"image\":{\"@id\":\"https:\/\/www.concept4talents.com\/artist\/duo-de-violino-e-violoncelo\/#primaryimage\"},\"thumbnailUrl\":\"https:\/\/www.concept4talents.com\/wp-content\/uploads\/2025\/05\/WhatsApp-Image-2025-06-04-at-16.14.55-300x223.jpeg\",\"datePublished\":\"2025-05-28T14:46:53+00:00\",\"dateModified\":\"2026-04-22T12:11:44+00:00\",\"description\":\"Duo de violino e violoncelo- Elegance Duet trar\u00e1 a eleg\u00e2ncia ao seu evento. O report\u00f3rio vai desde os cl\u00e1ssicos at\u00e9 \u00e0 m\u00fasica mais atual.\",\"breadcrumb\":{\"@id\":\"https:\/\/www.concept4talents.com\/artist\/duo-de-violino-e-violoncelo\/#breadcrumb\"},\"inLanguage\":\"en-US\",\"potentialAction\":[{\"@type\":\"ReadAction\",\"target\":[\"https:\/\/www.concept4talents.com\/artist\/duo-de-violino-e-violoncelo\/\"]}]},{\"@type\":\"ImageObject\",\"inLanguage\":\"en-US\",\"@id\":\"https:\/\/www.concept4talents.com\/artist\/duo-de-violino-e-violoncelo\/#primaryimage\",\"url\":\"https:\/\/www.concept4talents.com\/wp-content\/uploads\/2025\/05\/WhatsApp-Image-2025-06-04-at-16.14.55-300x223.jpeg\",\"contentUrl\":\"https:\/\/www.concept4talents.com\/wp-content\/uploads\/2025\/05\/WhatsApp-Image-2025-06-04-at-16.14.55-300x223.jpeg\"},{\"@type\":\"BreadcrumbList\",\"@id\":\"https:\/\/www.concept4talents.com\/artist\/duo-de-violino-e-violoncelo\/#breadcrumb\",\"itemListElement\":[{\"@type\":\"ListItem\",\"position\":1,\"name\":\"In\u00edcio\",\"item\":\"https:\/\/www.concept4talents.com\/\"},{\"@type\":\"ListItem\",\"position\":2,\"name\":\"Artistas\",\"item\":\"https:\/\/www.concept4talents.com\/en\/artist\/\"},{\"@type\":\"ListItem\",\"position\":3,\"name\":\"Elegance Duet\"}]},{\"@type\":\"WebSite\",\"@id\":\"https:\/\/www.concept4talents.com\/en\/#website\",\"url\":\"https:\/\/www.concept4talents.com\/en\/\",\"name\":\"Concept 4 Talents\",\"description\":\"\",\"publisher\":{\"@id\":\"https:\/\/www.concept4talents.com\/en\/#organization\"},\"potentialAction\":[{\"@type\":\"SearchAction\",\"target\":{\"@type\":\"EntryPoint\",\"urlTemplate\":\"https:\/\/www.concept4talents.com\/en\/?s={search_term_string}\"},\"query-input\":{\"@type\":\"PropertyValueSpecification\",\"valueRequired\":true,\"valueName\":\"search_term_string\"}}],\"inLanguage\":\"en-US\"},{\"@type\":\"Organization\",\"@id\":\"https:\/\/www.concept4talents.com\/en\/#organization\",\"name\":\"Concept 4 Talents\",\"url\":\"https:\/\/www.concept4talents.com\/en\/\",\"logo\":{\"@type\":\"ImageObject\",\"inLanguage\":\"en-US\",\"@id\":\"https:\/\/www.concept4talents.com\/en\/#\/schema\/logo\/image\/\",\"url\":\"https:\/\/www.concept4talents.com\/wp-content\/uploads\/2025\/05\/conceptnoartist.png\",\"contentUrl\":\"https:\/\/www.concept4talents.com\/wp-content\/uploads\/2025\/05\/conceptnoartist.png\",\"width\":800,\"height\":600,\"caption\":\"Concept 4 Talents\"},\"image\":{\"@id\":\"https:\/\/www.concept4talents.com\/en\/#\/schema\/logo\/image\/\"}}]}<\/script>\n<!-- \/ Yoast SEO plugin. -->","yoast_head_json":{"title":"Duo de violino e violoncelo - Concept4talents - Organiza\u00e7\u00e3o de Eventos","description":"Duo de violino e violoncelo- Elegance Duet trar\u00e1 a eleg\u00e2ncia ao seu evento. O report\u00f3rio vai desde os cl\u00e1ssicos at\u00e9 \u00e0 m\u00fasica mais atual.","robots":{"index":"index","follow":"follow","max-snippet":"max-snippet:-1","max-image-preview":"max-image-preview:large","max-video-preview":"max-video-preview:-1"},"canonical":"https:\/\/www.concept4talents.com\/en\/artist\/duo-de-violino-e-violoncelo\/","og_locale":"en_US","og_type":"article","og_title":"Duo de violino e violoncelo - Concept4talents - Organiza\u00e7\u00e3o de Eventos","og_description":"Duo de violino e violoncelo- Elegance Duet trar\u00e1 a eleg\u00e2ncia ao seu evento. O report\u00f3rio vai desde os cl\u00e1ssicos at\u00e9 \u00e0 m\u00fasica mais atual.","og_url":"https:\/\/www.concept4talents.com\/en\/artist\/duo-de-violino-e-violoncelo\/","og_site_name":"Concept4talents - Organiza\u00e7\u00e3o de Eventos","article_modified_time":"2026-04-22T12:11:44+00:00","og_image":[{"width":1003,"height":747,"url":"https:\/\/www.concept4talents.com\/wp-content\/uploads\/2025\/05\/WhatsApp-Image-2025-06-04-at-16.14.55.jpeg","type":"image\/jpeg"}],"twitter_card":"summary_large_image","twitter_misc":{"Est. reading time":"1 minute"},"schema":{"@context":"https:\/\/schema.org","@graph":[{"@type":"WebPage","@id":"https:\/\/www.concept4talents.com\/artist\/duo-de-violino-e-violoncelo\/","url":"https:\/\/www.concept4talents.com\/artist\/duo-de-violino-e-violoncelo\/","name":"Duo de violino e violoncelo - Concept4talents - Organiza\u00e7\u00e3o de Eventos","isPartOf":{"@id":"https:\/\/www.concept4talents.com\/en\/#website"},"primaryImageOfPage":{"@id":"https:\/\/www.concept4talents.com\/artist\/duo-de-violino-e-violoncelo\/#primaryimage"},"image":{"@id":"https:\/\/www.concept4talents.com\/artist\/duo-de-violino-e-violoncelo\/#primaryimage"},"thumbnailUrl":"https:\/\/www.concept4talents.com\/wp-content\/uploads\/2025\/05\/WhatsApp-Image-2025-06-04-at-16.14.55-300x223.jpeg","datePublished":"2025-05-28T14:46:53+00:00","dateModified":"2026-04-22T12:11:44+00:00","description":"Duo de violino e violoncelo- Elegance Duet trar\u00e1 a eleg\u00e2ncia ao seu evento. O report\u00f3rio vai desde os cl\u00e1ssicos at\u00e9 \u00e0 m\u00fasica mais atual.","breadcrumb":{"@id":"https:\/\/www.concept4talents.com\/artist\/duo-de-violino-e-violoncelo\/#breadcrumb"},"inLanguage":"en-US","potentialAction":[{"@type":"ReadAction","target":["https:\/\/www.concept4talents.com\/artist\/duo-de-violino-e-violoncelo\/"]}]},{"@type":"ImageObject","inLanguage":"en-US","@id":"https:\/\/www.concept4talents.com\/artist\/duo-de-violino-e-violoncelo\/#primaryimage","url":"https:\/\/www.concept4talents.com\/wp-content\/uploads\/2025\/05\/WhatsApp-Image-2025-06-04-at-16.14.55-300x223.jpeg","contentUrl":"https:\/\/www.concept4talents.com\/wp-content\/uploads\/2025\/05\/WhatsApp-Image-2025-06-04-at-16.14.55-300x223.jpeg"},{"@type":"BreadcrumbList","@id":"https:\/\/www.concept4talents.com\/artist\/duo-de-violino-e-violoncelo\/#breadcrumb","itemListElement":[{"@type":"ListItem","position":1,"name":"In\u00edcio","item":"https:\/\/www.concept4talents.com\/"},{"@type":"ListItem","position":2,"name":"Artistas","item":"https:\/\/www.concept4talents.com\/en\/artist\/"},{"@type":"ListItem","position":3,"name":"Elegance Duet"}]},{"@type":"WebSite","@id":"https:\/\/www.concept4talents.com\/en\/#website","url":"https:\/\/www.concept4talents.com\/en\/","name":"Concept 4 Talents","description":"","publisher":{"@id":"https:\/\/www.concept4talents.com\/en\/#organization"},"potentialAction":[{"@type":"SearchAction","target":{"@type":"EntryPoint","urlTemplate":"https:\/\/www.concept4talents.com\/en\/?s={search_term_string}"},"query-input":{"@type":"PropertyValueSpecification","valueRequired":true,"valueName":"search_term_string"}}],"inLanguage":"en-US"},{"@type":"Organization","@id":"https:\/\/www.concept4talents.com\/en\/#organization","name":"Concept 4 Talents","url":"https:\/\/www.concept4talents.com\/en\/","logo":{"@type":"ImageObject","inLanguage":"en-US","@id":"https:\/\/www.concept4talents.com\/en\/#\/schema\/logo\/image\/","url":"https:\/\/www.concept4talents.com\/wp-content\/uploads\/2025\/05\/conceptnoartist.png","contentUrl":"https:\/\/www.concept4talents.com\/wp-content\/uploads\/2025\/05\/conceptnoartist.png","width":800,"height":600,"caption":"Concept 4 Talents"},"image":{"@id":"https:\/\/www.concept4talents.com\/en\/#\/schema\/logo\/image\/"}}]}},"_links":{"self":[{"href":"https:\/\/www.concept4talents.com\/en\/wp-json\/wp\/v2\/artist\/9840","targetHints":{"allow":["GET"]}}],"collection":[{"href":"https:\/\/www.concept4talents.com\/en\/wp-json\/wp\/v2\/artist"}],"about":[{"href":"https:\/\/www.concept4talents.com\/en\/wp-json\/wp\/v2\/types\/artist"}],"author":[{"embeddable":true,"href":"https:\/\/www.concept4talents.com\/en\/wp-json\/wp\/v2\/users\/3"}],"replies":[{"embeddable":true,"href":"https:\/\/www.concept4talents.com\/en\/wp-json\/wp\/v2\/comments?post=9840"}],"version-history":[{"count":5,"href":"https:\/\/www.concept4talents.com\/en\/wp-json\/wp\/v2\/artist\/9840\/revisions"}],"predecessor-version":[{"id":15216,"href":"https:\/\/www.concept4talents.com\/en\/wp-json\/wp\/v2\/artist\/9840\/revisions\/15216"}],"wp:attachment":[{"href":"https:\/\/www.concept4talents.com\/en\/wp-json\/wp\/v2\/media?parent=9840"}],"wp:term":[{"taxonomy":"artist-category","embeddable":true,"href":"https:\/\/www.concept4talents.com\/en\/wp-json\/wp\/v2\/artist-category?post=9840"}],"curies":[{"name":"wp","href":"https:\/\/api.w.org\/{rel}","templated":true}]}}